{"id":421,"date":"2019-06-03T23:26:26","date_gmt":"2019-06-03T21:26:26","guid":{"rendered":"http:\/\/poet-of-the-fall.de\/hubertus-pfatter\/?page_id=421"},"modified":"2019-06-08T23:27:06","modified_gmt":"2019-06-08T21:27:06","slug":"koenige-liesl-2018","status":"publish","type":"page","link":"https:\/\/sg-hubertus-pfatter.de\/index.php\/koenige-liesl-2018\/","title":{"rendered":"K\u00f6nige &#038; Liesl 2018"},"content":{"rendered":"\n<p style=\"text-align:center\" class=\"has-medium-font-size wp-block-paragraph\"><strong>K\u00f6nigsproklamation 2018 + Vereinsmeister 2017<\/strong><\/p>\n\n\n\n<p class=\"wp-block-paragraph\" style=\"font-size:17px;text-align:center\"><strong>Am Freitag, den 27.04.2017 fand im Gasthof Fischer die diesj\u00e4hrige K\u00f6nigsproklamation    statt. Neben den frisch gebackenen K\u00f6nigen und Liesln wurden auch die Vereinsmeister    geehrt. <\/strong><\/p>\n\n\n\n<div class=\"wp-block-image\"><figure class=\"aligncenter\"><img loading=\"lazy\" decoding=\"async\" width=\"640\" height=\"426\" src=\"http:\/\/poet-of-the-fall.de\/hubertus-pfatter\/wp-content\/uploads\/2019\/06\/k-K\u00f6nige-2018.jpg\" alt=\"\" class=\"wp-image-486\" srcset=\"https:\/\/sg-hubertus-pfatter.de\/wp-content\/uploads\/2019\/06\/k-K\u00f6nige-2018.jpg 640w, https:\/\/sg-hubertus-pfatter.de\/wp-content\/uploads\/2019\/06\/k-K\u00f6nige-2018-300x200.jpg 300w\" sizes=\"auto, (max-width: 640px) 100vw, 640px\" \/><figcaption><strong>K\u00f6nige und Liesl 2018<\/strong><\/figcaption><\/figure><\/div>\n\n\n\n<p class=\"wp-block-paragraph\" style=\"text-align:center\">\n______________________________________________________________________________\n\n<\/p>\n\n\n\n<div class=\"wp-block-image\"><figure class=\"aligncenter is-resized\"><img loading=\"lazy\" decoding=\"async\" src=\"http:\/\/poet-of-the-fall.de\/hubertus-pfatter\/wp-content\/uploads\/2019\/06\/k-Jugendliesl-2018.jpg\" alt=\"\" class=\"wp-image-490\" width=\"306\" height=\"460\" srcset=\"https:\/\/sg-hubertus-pfatter.de\/wp-content\/uploads\/2019\/06\/k-Jugendliesl-2018.jpg 426w, https:\/\/sg-hubertus-pfatter.de\/wp-content\/uploads\/2019\/06\/k-Jugendliesl-2018-200x300.jpg 200w\" sizes=\"auto, (max-width: 306px) 100vw, 306px\" \/><figcaption><strong> Jugendliesl   <\/strong><br>1. Theresa Lachenschmid  <br> 2. Linda Stierstorfer  <br>3. Selina Neubauer <\/figcaption><\/figure><\/div>\n\n\n\n<p class=\"wp-block-paragraph\" style=\"text-align:center\">______________________________________________________________________________<\/p>\n\n\n\n<div class=\"wp-block-image\"><figure class=\"aligncenter is-resized\"><img loading=\"lazy\" decoding=\"async\" src=\"http:\/\/poet-of-the-fall.de\/hubertus-pfatter\/wp-content\/uploads\/2019\/06\/k-Jugendk\u00f6nig-2018.jpg\" alt=\"\" class=\"wp-image-492\" width=\"313\" height=\"471\" srcset=\"https:\/\/sg-hubertus-pfatter.de\/wp-content\/uploads\/2019\/06\/k-Jugendk\u00f6nig-2018.jpg 426w, https:\/\/sg-hubertus-pfatter.de\/wp-content\/uploads\/2019\/06\/k-Jugendk\u00f6nig-2018-200x300.jpg 200w\" sizes=\"auto, (max-width: 313px) 100vw, 313px\" \/><figcaption><strong> Jugendk\u00f6nig  <\/strong><br>1. Jakob Aumer   <br>2. Martin Koller   <br>3. Michael Lachenschmid <\/figcaption><\/figure><\/div>\n\n\n\n<p class=\"wp-block-paragraph\" style=\"text-align:center\">\n______________________________________________________________________________\n\n<\/p>\n\n\n\n<div class=\"wp-block-image\"><figure class=\"aligncenter is-resized\"><img loading=\"lazy\" decoding=\"async\" src=\"http:\/\/poet-of-the-fall.de\/hubertus-pfatter\/wp-content\/uploads\/2019\/06\/k-Pistolenk\u00f6nig-2018.jpg\" alt=\"\" class=\"wp-image-497\" width=\"323\" height=\"486\" srcset=\"https:\/\/sg-hubertus-pfatter.de\/wp-content\/uploads\/2019\/06\/k-Pistolenk\u00f6nig-2018.jpg 426w, https:\/\/sg-hubertus-pfatter.de\/wp-content\/uploads\/2019\/06\/k-Pistolenk\u00f6nig-2018-200x300.jpg 200w\" sizes=\"auto, (max-width: 323px) 100vw, 323px\" \/><figcaption> <strong>Pistolenk\u00f6nig(in) <\/strong>  <br>1. Lukas Piendl   <br>2. David Becker    (Stellvertretend J\u00f6rg Becker)  <br> 3. Christine R\u00f6sch <\/figcaption><\/figure><\/div>\n\n\n\n<p class=\"wp-block-paragraph\" style=\"text-align:center\">\n______________________________________________________________________________\n\n<\/p>\n\n\n\n<div class=\"wp-block-image\"><figure class=\"aligncenter is-resized\"><img loading=\"lazy\" decoding=\"async\" src=\"http:\/\/poet-of-the-fall.de\/hubertus-pfatter\/wp-content\/uploads\/2019\/06\/k-Auflagek\u00f6nig-2018.jpg\" alt=\"\" class=\"wp-image-498\" width=\"328\" height=\"493\" srcset=\"https:\/\/sg-hubertus-pfatter.de\/wp-content\/uploads\/2019\/06\/k-Auflagek\u00f6nig-2018.jpg 426w, https:\/\/sg-hubertus-pfatter.de\/wp-content\/uploads\/2019\/06\/k-Auflagek\u00f6nig-2018-200x300.jpg 200w\" sizes=\"auto, (max-width: 328px) 100vw, 328px\" \/><figcaption><strong> Auflagek\u00f6nig <\/strong> <br> 1. Franz Binder    (nicht auf Bild)  <br> 2. Elisabeth Stierstorfer   <br>3. Alfons Lichtinger <\/figcaption><\/figure><\/div>\n\n\n\n<p class=\"wp-block-paragraph\" style=\"text-align:center\">\n______________________________________________________________________________\n\n<\/p>\n\n\n\n<div class=\"wp-block-image\"><figure class=\"aligncenter is-resized\"><img loading=\"lazy\" decoding=\"async\" src=\"http:\/\/poet-of-the-fall.de\/hubertus-pfatter\/wp-content\/uploads\/2019\/06\/k-Sch\u00fctzenliesl-2018.jpg\" alt=\"\" class=\"wp-image-500\" width=\"340\" height=\"511\" srcset=\"https:\/\/sg-hubertus-pfatter.de\/wp-content\/uploads\/2019\/06\/k-Sch\u00fctzenliesl-2018.jpg 426w, https:\/\/sg-hubertus-pfatter.de\/wp-content\/uploads\/2019\/06\/k-Sch\u00fctzenliesl-2018-200x300.jpg 200w\" sizes=\"auto, (max-width: 340px) 100vw, 340px\" \/><figcaption><strong> Sch\u00fctzenliesl <\/strong> <br> 1. Marleen Bauer  <br> 2. Christine R\u00f6sch   <br>3. Regina Hierl <\/figcaption><\/figure><\/div>\n\n\n\n<p class=\"wp-block-paragraph\" style=\"text-align:center\">\n______________________________________________________________________________\n\n<\/p>\n\n\n\n<div class=\"wp-block-image\"><figure class=\"aligncenter is-resized\"><img loading=\"lazy\" decoding=\"async\" src=\"http:\/\/poet-of-the-fall.de\/hubertus-pfatter\/wp-content\/uploads\/2019\/06\/k-Sch\u00fctzenk\u00f6nig-2018.jpg\" alt=\"\" class=\"wp-image-502\" width=\"351\" height=\"527\" srcset=\"https:\/\/sg-hubertus-pfatter.de\/wp-content\/uploads\/2019\/06\/k-Sch\u00fctzenk\u00f6nig-2018.jpg 426w, https:\/\/sg-hubertus-pfatter.de\/wp-content\/uploads\/2019\/06\/k-Sch\u00fctzenk\u00f6nig-2018-200x300.jpg 200w\" sizes=\"auto, (max-width: 351px) 100vw, 351px\" \/><figcaption> <strong>Sch\u00fctzenk\u00f6nig   <\/strong><br>1. Johannes R\u00f6sch   <br>2. Danilo Gasdzik   (Stellvertretend Patrick Zimmermann)   <br>3. Christoph Ebner <\/figcaption><\/figure><\/div>\n\n\n\n<p class=\"wp-block-paragraph\" style=\"text-align:center\">\n______________________________________________________________________________\n\n<\/p>\n\n\n\n<p style=\"text-align:center\" class=\"has-medium-font-size wp-block-paragraph\">   <strong>Weitere Gewinner:   <\/strong><\/p>\n\n\n\n<p class=\"wp-block-paragraph\" style=\"text-align:center\"><strong>SCHNUR:  <\/strong> Marleen Bauer   <\/p>\n\n\n\n<p class=\"wp-block-paragraph\" style=\"text-align:center\"><strong>EICHEL: <\/strong>  Georg Huber (gold)   <\/p>\n\n\n\n<p class=\"wp-block-paragraph\" style=\"text-align:center\">Michael Feldbauer (silber)   <\/p>\n\n\n\n<p class=\"wp-block-paragraph\" style=\"text-align:center\">Markus Altmann (bronze)   <\/p>\n\n\n\n<p class=\"wp-block-paragraph\" style=\"text-align:center\"><strong>URBANPOKAL: <\/strong>  Jonas Schwesinger   <\/p>\n\n\n\n<p class=\"wp-block-paragraph\" style=\"text-align:center\">\n______________________________________________________________________________ \n\n<\/p>\n\n\n\n<ul class=\"wp-block-gallery aligncenter columns-1 is-cropped wp-block-gallery-1 is-layout-flex wp-block-gallery-is-layout-flex\"><li class=\"blocks-gallery-item\"><figure><img loading=\"lazy\" decoding=\"async\" width=\"640\" height=\"426\" src=\"http:\/\/poet-of-the-fall.de\/hubertus-pfatter\/wp-content\/uploads\/2019\/06\/k-Vereinsmeister-2018-1.jpg\" alt=\"\" data-id=\"509\" data-link=\"http:\/\/poet-of-the-fall.de\/hubertus-pfatter\/index.php\/koenige-liesl-2018\/k-vereinsmeister-2018-1\/\" class=\"wp-image-509\" srcset=\"https:\/\/sg-hubertus-pfatter.de\/wp-content\/uploads\/2019\/06\/k-Vereinsmeister-2018-1.jpg 640w, https:\/\/sg-hubertus-pfatter.de\/wp-content\/uploads\/2019\/06\/k-Vereinsmeister-2018-1-300x200.jpg 300w\" sizes=\"auto, (max-width: 640px) 100vw, 640px\" \/><\/figure><\/li><\/ul>\n\n\n\n<p class=\"wp-block-paragraph\" style=\"font-size:30px;text-align:center\"><strong>Vereinsmeister 2017<\/strong><\/p>\n\n\n\n<p class=\"wp-block-paragraph\" style=\"text-align:center\">\n______________________________________________________________________________\n\n<\/p>\n\n\n\n<p style=\"text-align:center\" class=\"has-medium-font-size wp-block-paragraph\"><strong>JAHRESTEILERPOKAL:   <\/strong><\/p>\n\n\n\n<p class=\"wp-block-paragraph\" style=\"text-align:center\"><strong>Michael Feldbauer (0 Teiler)   <\/strong><\/p>\n\n\n\n<p style=\"text-align:center\" class=\"has-medium-font-size wp-block-paragraph\"><strong>VEREINSMEISTER SCH\u00dcLER WEIBLICH (LG)   &#8212;&#8212;&#8211;   <\/strong><\/p>\n\n\n\n<p style=\"text-align:center\" class=\"has-medium-font-size wp-block-paragraph\"><strong>VEREINSMEISTER SCH\u00dcLER M\u00c4NNLICH (LG)   <\/strong><\/p>\n\n\n\n<p class=\"wp-block-paragraph\" style=\"text-align:center\"><strong>1.   Benedikt Ebner   <\/strong><\/p>\n\n\n\n<p class=\"wp-block-paragraph\" style=\"text-align:center\"><strong>2.   Sven Knieling  <\/strong><\/p>\n\n\n\n<p class=\"wp-block-paragraph\" style=\"text-align:center\"><strong>3.   Jakob Aumer   <\/strong><\/p>\n\n\n\n<p class=\"wp-block-paragraph\" style=\"text-align:center\"><strong>4.   Patrick Biebl <\/strong>  <\/p>\n\n\n\n<p style=\"text-align:center\" class=\"has-medium-font-size wp-block-paragraph\"><strong>VEREINSMEISTER JUGEND WEIBLICH (LG)  <\/strong><\/p>\n\n\n\n<p class=\"wp-block-paragraph\" style=\"text-align:center\"><strong> 1.   Lena Schmalzl <\/strong>  <\/p>\n\n\n\n<p class=\"wp-block-paragraph\" style=\"text-align:center\"><strong>2.   Linda Stierstorfer  <\/strong> <\/p>\n\n\n\n<p style=\"text-align:center\" class=\"has-medium-font-size wp-block-paragraph\"><strong>VEREINSMEISTER JUGEND M\u00c4NNLICH (LG)   &#8212;&#8212;&#8211;<\/strong>   <\/p>\n\n\n\n<p style=\"text-align:center\" class=\"has-medium-font-size wp-block-paragraph\"><strong>VEREINSMEISTER JUGEND (LP)   <\/strong><\/p>\n\n\n\n<p class=\"wp-block-paragraph\" style=\"text-align:center\"><strong>1.   Lena Schmalzl <\/strong>  <\/p>\n\n\n\n<p style=\"text-align:center\" class=\"has-medium-font-size wp-block-paragraph\"><strong>VEREINSMEISTER DAMEN (LP)<\/strong>   <\/p>\n\n\n\n<p class=\"wp-block-paragraph\" style=\"text-align:center\"><strong>1.   Eleonore Roman <\/strong> <\/p>\n\n\n\n<p class=\"wp-block-paragraph\" style=\"text-align:center\"><strong>2.   Rita Schaffer   <\/strong><\/p>\n\n\n\n<p style=\"text-align:center\" class=\"has-medium-font-size wp-block-paragraph\"><strong>VEREINSMEISTER HERREN (LP) <\/strong>  <\/p>\n\n\n\n<p class=\"wp-block-paragraph\" style=\"text-align:center\"><strong>1.   Herbert Stadler  <\/strong><\/p>\n\n\n\n<p class=\"wp-block-paragraph\" style=\"text-align:center\"> <strong>2.   Wolfgang Haas<\/strong>  <\/p>\n\n\n\n<p class=\"wp-block-paragraph\" style=\"text-align:center\"> <strong>3.   J\u00f6rg Becker<\/strong>   <\/p>\n\n\n\n<p style=\"text-align:center\" class=\"has-medium-font-size wp-block-paragraph\"><strong>VEREINSMEISTER AUFLAGE DAMEN (LG)   &#8212;&#8212;- <\/strong>  <\/p>\n\n\n\n<p style=\"text-align:center\" class=\"has-medium-font-size wp-block-paragraph\"><strong>VEREINSMEISTER AUFLAGE HERREN (LG) <\/strong>  <\/p>\n\n\n\n<p class=\"wp-block-paragraph\" style=\"text-align:center\"><strong>1.   Georg Huber <\/strong>  <\/p>\n\n\n\n<p class=\"wp-block-paragraph\" style=\"text-align:center\"><strong>2.   Karl Schiller <\/strong> <\/p>\n\n\n\n<p class=\"wp-block-paragraph\" style=\"text-align:center\"> <strong>3.   Franz Binder  <\/strong> <\/p>\n\n\n\n<p style=\"text-align:center\" class=\"has-medium-font-size wp-block-paragraph\"><strong>VEREINSMEISTER DAMEN (LG) <\/strong>  <\/p>\n\n\n\n<p class=\"wp-block-paragraph\" style=\"text-align:center\"><strong>1.   Christine R\u00f6sch  <\/strong><\/p>\n\n\n\n<p class=\"wp-block-paragraph\" style=\"text-align:center\"> <strong>2.   Nicole Scheibenpflug  <\/strong> <\/p>\n\n\n\n<p class=\"wp-block-paragraph\" style=\"text-align:center\"><strong>3.   Regina Hierl   <\/strong><\/p>\n\n\n\n<p style=\"text-align:center\" class=\"has-medium-font-size wp-block-paragraph\"><strong>VEREINSMEISTER HERREN (LG)<\/strong>   <\/p>\n\n\n\n<p class=\"wp-block-paragraph\" style=\"text-align:center\"><strong>1.   Michael Feldbauer<\/strong>   <\/p>\n\n\n\n<p class=\"wp-block-paragraph\" style=\"text-align:center\"><strong>2.   Johannes R\u00f6sch   <\/strong><\/p>\n\n\n\n<p class=\"wp-block-paragraph\" style=\"text-align:center\"><strong>3.   Josef Scheibenpflug <\/strong><\/p>\n","protected":false},"excerpt":{"rendered":"<p>K\u00f6nigsproklamation 2018 + Vereinsmeister 2017 Am Freitag, den 27.04.2017 fand im Gasthof Fischer die diesj\u00e4hrige K\u00f6nigsproklamation statt. Neben den frisch gebackenen K\u00f6nigen und Liesln wurden auch die Vereinsmeister geehrt. ______________________________________________________________________________ ______________________________________________________________________________ ______________________________________________________________________________ ______________________________________________________________________________ ______________________________________________________________________________ ______________________________________________________________________________ ______________________________________________________________________________ Weitere Gewinner: SCHNUR: Marleen Bauer EICHEL: Georg Huber (gold) Michael Feldbauer (silber) Markus Altmann (bronze) URBANPOKAL: Jonas Schwesinger ______________________________________________________________________________ Vereinsmeister 2017 ______________________________________________________________________________ JAHRESTEILERPOKAL: Michael Feldbauer (0 Teiler) VEREINSMEISTER SCH\u00dcLER WEIBLICH (LG) &#8212;&#8212;&#8211; VEREINSMEISTER SCH\u00dcLER M\u00c4NNLICH (LG) 1. Benedikt Ebner 2. Sven Knieling 3. Jakob Aumer 4. Patrick Biebl VEREINSMEISTER JUGEND WEIBLICH (LG) 1. Lena Schmalzl 2. Linda Stierstorfer VEREINSMEISTER JUGEND M\u00c4NNLICH (LG) &#8212;&#8212;&#8211; VEREINSMEISTER JUGEND (LP) 1. Lena Schmalzl VEREINSMEISTER DAMEN (LP) 1. Eleonore Roman 2. Rita Schaffer VEREINSMEISTER HERREN (LP) 1. Herbert Stadler 2. Wolfgang Haas 3. J\u00f6rg Becker VEREINSMEISTER AUFLAGE DAMEN (LG) &#8212;&#8212;- VEREINSMEISTER AUFLAGE HERREN (LG) 1. Georg Huber 2. Karl Schiller 3. Franz Binder VEREINSMEISTER DAMEN (LG) 1. Christine R\u00f6sch 2. Nicole Scheibenpflug 3. Regina Hierl VEREINSMEISTER HERREN (LG) 1. Michael Feldbauer 2. Johannes R\u00f6sch 3. Josef Scheibenpflug<\/p>\n","protected":false},"author":1,"featured_media":0,"parent":0,"menu_order":0,"comment_status":"closed","ping_status":"closed","template":"","meta":{"footnotes":""},"class_list":["post-421","page","type-page","status-publish","hentry"],"_links":{"self":[{"href":"https:\/\/sg-hubertus-pfatter.de\/index.php\/wp-json\/wp\/v2\/pages\/421","targetHints":{"allow":["GET"]}}],"collection":[{"href":"https:\/\/sg-hubertus-pfatter.de\/index.php\/wp-json\/wp\/v2\/pages"}],"about":[{"href":"https:\/\/sg-hubertus-pfatter.de\/index.php\/wp-json\/wp\/v2\/types\/page"}],"author":[{"embeddable":true,"href":"https:\/\/sg-hubertus-pfatter.de\/index.php\/wp-json\/wp\/v2\/users\/1"}],"replies":[{"embeddable":true,"href":"https:\/\/sg-hubertus-pfatter.de\/index.php\/wp-json\/wp\/v2\/comments?post=421"}],"version-history":[{"count":26,"href":"https:\/\/sg-hubertus-pfatter.de\/index.php\/wp-json\/wp\/v2\/pages\/421\/revisions"}],"predecessor-version":[{"id":515,"href":"https:\/\/sg-hubertus-pfatter.de\/index.php\/wp-json\/wp\/v2\/pages\/421\/revisions\/515"}],"wp:attachment":[{"href":"https:\/\/sg-hubertus-pfatter.de\/index.php\/wp-json\/wp\/v2\/media?parent=421"}],"curies":[{"name":"wp","href":"https:\/\/api.w.org\/{rel}","templated":true}]}}